{"id":2,"date":"2025-07-25T15:26:31","date_gmt":"2025-07-25T13:26:31","guid":{"rendered":"https:\/\/www.sloneczko-przedszkole.com.pl\/start\/?page_id=2"},"modified":"2025-08-11T18:53:49","modified_gmt":"2025-08-11T16:53:49","slug":"przykladowa-strona","status":"publish","type":"page","link":"https:\/\/www.sloneczko-przedszkole.com.pl\/kostrzyn\/","title":{"rendered":"Strona g\u0142\u00f3wna"},"content":{"rendered":"\t\t<div data-elementor-type=\"wp-page\" data-elementor-id=\"2\" class=\"elementor elementor-2\" data-elementor-post-type=\"page\">\n\t\t\t\t<div class=\"elementor-element elementor-element-622aeb9 e-flex e-con-boxed wpr-particle-no wpr-jarallax-no wpr-parallax-no wpr-sticky-section-no wpr-equal-height-no e-con e-parent\" data-id=\"622aeb9\" data-element_type=\"container\" data-e-type=\"container\">\n\t\t\t\t\t<div class=\"e-con-inner\">\n\t\t<div class=\"elementor-element elementor-element-9dad74e e-con-full e-flex wpr-particle-no wpr-jarallax-no wpr-parallax-no wpr-sticky-section-no wpr-equal-height-no e-con e-child\" data-id=\"9dad74e\" data-element_type=\"container\" data-e-type=\"container\">\n\t\t\t\t<div class=\"elementor-element elementor-element-077190b elementor-widget elementor-widget-image\" data-id=\"077190b\" data-element_type=\"widget\" data-e-type=\"widget\" data-widget_type=\"image.default\">\n\t\t\t\t\t\t\t\t\t\t\t\t\t\t\t<img fetchpriority=\"high\" decoding=\"async\" width=\"1000\" height=\"667\" src=\"https:\/\/www.sloneczko-przedszkole.com.pl\/kostrzyn\/wp-content\/uploads\/sites\/3\/2025\/07\/dzieci11.jpg\" class=\"attachment-large size-large wp-image-47\" alt=\"\" srcset=\"https:\/\/www.sloneczko-przedszkole.com.pl\/kostrzyn\/wp-content\/uploads\/sites\/3\/2025\/07\/dzieci11.jpg 1000w, https:\/\/www.sloneczko-przedszkole.com.pl\/kostrzyn\/wp-content\/uploads\/sites\/3\/2025\/07\/dzieci11-300x200.jpg 300w, https:\/\/www.sloneczko-przedszkole.com.pl\/kostrzyn\/wp-content\/uploads\/sites\/3\/2025\/07\/dzieci11-768x512.jpg 768w\" sizes=\"(max-width: 1000px) 100vw, 1000px\" \/>\t\t\t\t\t\t\t\t\t\t\t\t\t\t\t<\/div>\n\t\t\t\t<\/div>\n\t\t<div class=\"elementor-element elementor-element-26471db e-con-full e-flex wpr-particle-no wpr-jarallax-no wpr-parallax-no wpr-sticky-section-no wpr-equal-height-no e-con e-child\" data-id=\"26471db\" data-element_type=\"container\" data-e-type=\"container\">\n\t\t\t\t<div class=\"elementor-element elementor-element-e8c5574 elementor-widget elementor-widget-heading\" data-id=\"e8c5574\" data-element_type=\"widget\" data-e-type=\"widget\" data-widget_type=\"heading.default\">\n\t\t\t\t\t<h2 class=\"elementor-heading-title elementor-size-default\">Przedszkole \u201eS\u0142oneczko\u201d w Kostrzynie<\/h2>\t\t\t\t<\/div>\n\t\t\t\t<div class=\"elementor-element elementor-element-b792aab elementor-widget elementor-widget-text-editor\" data-id=\"b792aab\" data-element_type=\"widget\" data-e-type=\"widget\" data-widget_type=\"text-editor.default\">\n\t\t\t\t\t\t\t\t\t<p><strong>Miejsce, gdzie dzieci czuj\u0105 si\u0119 wa\u017cne, bezpieczne i szcz\u0119\u015bliwe ka\u017cdego dnia.<\/strong><\/p><p>W naszym Niepublicznym Przedszkolu z oddzia\u0142ami integracyjnymi \u201eS\u0142oneczko\u201d w Kostrzynie dbamy o to, aby ka\u017cde dziecko rozwija\u0142o si\u0119 w atmosferze akceptacji, zrozumienia i rado\u015bci. Tworzymy przyjazn\u0105 przestrze\u0144 do nauki, zabawy i budowania relacji \u2013 wspieraj\u0105c naturaln\u0105 ciekawo\u015b\u0107 i potencja\u0142 dzieci.<\/p>\t\t\t\t\t\t\t\t<\/div>\n\t\t\t\t<\/div>\n\t\t\t\t\t<\/div>\n\t\t\t\t<\/div>\n\t\t<div class=\"elementor-element elementor-element-f2917c9 e-flex e-con-boxed wpr-particle-no wpr-jarallax-no wpr-parallax-no wpr-sticky-section-no wpr-equal-height-no e-con e-parent\" data-id=\"f2917c9\" data-element_type=\"container\" data-e-type=\"container\">\n\t\t\t\t\t<div class=\"e-con-inner\">\n\t\t\t\t<div class=\"elementor-element elementor-element-0bb31c1 elementor-widget elementor-widget-google_maps\" data-id=\"0bb31c1\" data-element_type=\"widget\" data-e-type=\"widget\" data-widget_type=\"google_maps.default\">\n\t\t\t\t\t\t\t<div class=\"elementor-custom-embed\">\n\t\t\t<iframe loading=\"lazy\"\n\t\t\t\t\tsrc=\"https:\/\/maps.google.com\/maps?q=ul.%20%C5%9Al%C4%85ska%208%2C%20Kostrzyn%20Wielkopolski&#038;t=m&#038;z=15&#038;output=embed&#038;iwloc=near\"\n\t\t\t\t\ttitle=\"ul. \u015al\u0105ska 8, Kostrzyn Wielkopolski\"\n\t\t\t\t\taria-label=\"ul. \u015al\u0105ska 8, Kostrzyn Wielkopolski\"\n\t\t\t><\/iframe>\n\t\t<\/div>\n\t\t\t\t\t\t<\/div>\n\t\t\t\t\t<\/div>\n\t\t\t\t<\/div>\n\t\t\t\t<\/div>\n\t\t","protected":false},"excerpt":{"rendered":"<p>Przedszkole \u201eS\u0142oneczko\u201d w Kostrzynie Miejsce, gdzie dzieci czuj\u0105 si\u0119 wa\u017cne, bezpieczne i szcz\u0119\u015bliwe ka\u017cdego dnia. W naszym Niepublicznym Przedszkolu z oddzia\u0142ami integracyjnymi \u201eS\u0142oneczko\u201d w Kostrzynie dbamy o to, aby ka\u017cde dziecko rozwija\u0142o si\u0119 w atmosferze akceptacji, zrozumienia i rado\u015bci. Tworzymy przyjazn\u0105 przestrze\u0144 do nauki, zabawy i budowania relacji \u2013 wspieraj\u0105c<\/p>\n","protected":false},"author":1,"featured_media":0,"parent":0,"menu_order":0,"comment_status":"closed","ping_status":"open","template":"elementor_header_footer","meta":{"ngg_post_thumbnail":0,"footnotes":""},"class_list":["post-2","page","type-page","status-publish","hentry"],"_links":{"self":[{"href":"https:\/\/www.sloneczko-przedszkole.com.pl\/kostrzyn\/wp-json\/wp\/v2\/pages\/2","targetHints":{"allow":["GET"]}}],"collection":[{"href":"https:\/\/www.sloneczko-przedszkole.com.pl\/kostrzyn\/wp-json\/wp\/v2\/pages"}],"about":[{"href":"https:\/\/www.sloneczko-przedszkole.com.pl\/kostrzyn\/wp-json\/wp\/v2\/types\/page"}],"author":[{"embeddable":true,"href":"https:\/\/www.sloneczko-przedszkole.com.pl\/kostrzyn\/wp-json\/wp\/v2\/users\/1"}],"replies":[{"embeddable":true,"href":"https:\/\/www.sloneczko-przedszkole.com.pl\/kostrzyn\/wp-json\/wp\/v2\/comments?post=2"}],"version-history":[{"count":15,"href":"https:\/\/www.sloneczko-przedszkole.com.pl\/kostrzyn\/wp-json\/wp\/v2\/pages\/2\/revisions"}],"predecessor-version":[{"id":121,"href":"https:\/\/www.sloneczko-przedszkole.com.pl\/kostrzyn\/wp-json\/wp\/v2\/pages\/2\/revisions\/121"}],"wp:attachment":[{"href":"https:\/\/www.sloneczko-przedszkole.com.pl\/kostrzyn\/wp-json\/wp\/v2\/media?parent=2"}],"curies":[{"name":"wp","href":"https:\/\/api.w.org\/{rel}","templated":true}]}}